{"id":15461,"date":"2026-01-15T07:41:26","date_gmt":"2026-01-15T07:41:26","guid":{"rendered":"https:\/\/dynamic-eye.de\/?post_type=product&#038;p=15461"},"modified":"2026-01-15T07:41:58","modified_gmt":"2026-01-15T07:41:58","slug":"10-2026-formation-vico-de-formateur-visuel-cognitif-module-i","status":"publish","type":"product","link":"https:\/\/dynamic-eye.de\/fr\/produkt\/10-2026-formation-vico-de-formateur-visuel-cognitif-module-i\/","title":{"rendered":"(10\/2026) FORMATION VICO DE FORMATEUR VISUEL &#038; COGNITIF MODULE I"},"content":{"rendered":"<p>Un large champ de clients s&rsquo;offre \u00e0 l&rsquo;entra\u00eeneur visuel et cognitif :<\/p>\n<p>&nbsp;<\/p>\n<ul>\n<li>Sportifs : sur le plan athl\u00e9tique, de nombreux sportifs de haut niveau sont entra\u00een\u00e9s de mani\u00e8re similaire. Les performances visuelles et cognitives, que nous am\u00e9liorons de mani\u00e8re cibl\u00e9e par notre entra\u00eenement, sont d\u00e9cisives, par exemple : coordination \u0153il-main, r\u00e9action, timing, p\u00e9riph\u00e9rie, vision des espaces libres, \u00e9valuation de la distance et de la vitesse&#8230;. De bonnes performances visuelles et cognitives font \u00e9galement partie de la pr\u00e9vention des accidents et des blessures.<\/li>\n<li>Enfants d&rsquo;\u00e2ge scolaire : la g\u00e9n\u00e9ration montante, en particulier, grandit dans un environnement tr\u00e8s dangereux pour notre sant\u00e9 visuelle. Les troubles de la perception visuelle sont diagnostiqu\u00e9s et corrig\u00e9s par un programme d&rsquo;entra\u00eenement appropri\u00e9. Par exemple, manque de concentration, difficult\u00e9s de lecture, AD(H)S&#8230;<\/li>\n<li>entreprises : Gr\u00e2ce \u00e0 nos mesures pr\u00e9ventives, nous \u00e9vitons les probl\u00e8mes de sant\u00e9 favoris\u00e9s par le travail de proximit\u00e9 excessif &#8211; p. ex. s\u00e9cheresse oculaire, douleurs aux \u00e9paules et \u00e0 la nuque, vision floue, migraines &#8230;<\/li>\n<li>Les patients : Apr\u00e8s un accident vasculaire c\u00e9r\u00e9bral ou une commotion c\u00e9r\u00e9brale et en cas d&rsquo;autres maladies neurologiques, nous proposons un entra\u00eenement de r\u00e9\u00e9ducation optom\u00e9trique adapt\u00e9, par ex. retour au jeu\/travail\/\u00e9cole, optimisation des erreurs faciales, coordination \u0153il-main.<\/li>\n<li>Les personnes \u00e2g\u00e9es : Meilleure capacit\u00e9 de r\u00e9action et vue d&rsquo;ensemble dans la circulation routi\u00e8re, moins de risques de chutes ou de blessures.<\/li>\n<\/ul>\n<p>&nbsp;<\/p>\n<p>Vous avez des questions?<\/p>\n<p>Contactez-nous<\/p>\n","protected":false},"excerpt":{"rendered":"<p>Du 21.10. au 25.10.2026<\/p>\n<ul>\n<li>Introduction \u00e0 l&rsquo;entra\u00eenement visuel<\/li>\n<li>Bases de l&rsquo;optique, de l&rsquo;anatomie et des am\u00e9tropies<\/li>\n<li>Physiologie et bases neurologiques de la vision<\/li>\n<li>Diagnostic optom\u00e9trique selon Skeffington<\/li>\n<li>Exercices<\/li>\n<\/ul>\n","protected":false},"featured_media":11809,"comment_status":"closed","ping_status":"closed","template":"","meta":{"inline_featured_image":false},"product_brand":[],"product_cat":[655],"product_tag":[],"class_list":{"0":"post-15461","1":"product","2":"type-product","3":"status-publish","4":"has-post-thumbnail","6":"product_cat-education-et-formation","7":"description-off","9":"first","10":"instock","11":"virtual","12":"purchasable","13":"product-type-simple"},"yoast_head":"<!-- This site is optimized with the Yoast SEO plugin v27.3 - https:\/\/yoast.com\/product\/yoast-seo-wordpress\/ -->\n<title>(10\/2026) FORMATION VICO DE FORMATEUR VISUEL &amp; COGNITIF MODULE I -<\/title>\n<meta name=\"robots\" content=\"index, follow, max-snippet:-1, max-image-preview:large, max-video-preview:-1\" \/>\n<link rel=\"canonical\" href=\"https:\/\/dynamic-eye.de\/fr\/produkt\/10-2026-formation-vico-de-formateur-visuel-cognitif-module-i\/\" \/>\n<meta property=\"og:locale\" content=\"fr_FR\" \/>\n<meta property=\"og:type\" content=\"article\" \/>\n<meta property=\"og:title\" content=\"(10\/2026) FORMATION VICO DE FORMATEUR VISUEL &amp; COGNITIF MODULE I -\" \/>\n<meta property=\"og:description\" content=\"Du 21.10. au 25.10.2026   Introduction \u00e0 l&#039;entra\u00eenement visuel  Bases de l&#039;optique, de l&#039;anatomie et des am\u00e9tropies  Physiologie et bases neurologiques de la vision  Diagnostic optom\u00e9trique selon Skeffington  Exercices\" \/>\n<meta property=\"og:url\" content=\"https:\/\/dynamic-eye.de\/fr\/produkt\/10-2026-formation-vico-de-formateur-visuel-cognitif-module-i\/\" \/>\n<meta property=\"og:site_name\" content=\"DynamicEye\" \/>\n<meta property=\"article:modified_time\" content=\"2026-01-15T07:41:58+00:00\" \/>\n<meta property=\"og:image\" content=\"https:\/\/dynamic-eye.de\/wp-content\/uploads\/2021\/01\/image-4-300x200-1.jpg\" \/>\n\t<meta property=\"og:image:width\" content=\"300\" \/>\n\t<meta property=\"og:image:height\" content=\"200\" \/>\n\t<meta property=\"og:image:type\" content=\"image\/jpeg\" \/>\n<meta name=\"twitter:card\" content=\"summary_large_image\" \/>\n<meta name=\"twitter:label1\" content=\"Dur\u00e9e de lecture estim\u00e9e\" \/>\n\t<meta name=\"twitter:data1\" content=\"2 minutes\" \/>\n<script type=\"application\/ld+json\" class=\"yoast-schema-graph\">{\"@context\":\"https:\\\/\\\/schema.org\",\"@graph\":[{\"@type\":\"WebPage\",\"@id\":\"https:\\\/\\\/dynamic-eye.de\\\/fr\\\/produkt\\\/10-2026-formation-vico-de-formateur-visuel-cognitif-module-i\\\/\",\"url\":\"https:\\\/\\\/dynamic-eye.de\\\/fr\\\/produkt\\\/10-2026-formation-vico-de-formateur-visuel-cognitif-module-i\\\/\",\"name\":\"(10\\\/2026) FORMATION VICO DE FORMATEUR VISUEL & COGNITIF MODULE I -\",\"isPartOf\":{\"@id\":\"https:\\\/\\\/dynamic-eye.de\\\/#website\"},\"primaryImageOfPage\":{\"@id\":\"https:\\\/\\\/dynamic-eye.de\\\/fr\\\/produkt\\\/10-2026-formation-vico-de-formateur-visuel-cognitif-module-i\\\/#primaryimage\"},\"image\":{\"@id\":\"https:\\\/\\\/dynamic-eye.de\\\/fr\\\/produkt\\\/10-2026-formation-vico-de-formateur-visuel-cognitif-module-i\\\/#primaryimage\"},\"thumbnailUrl\":\"https:\\\/\\\/dynamic-eye.de\\\/wp-content\\\/uploads\\\/2021\\\/01\\\/image-4-300x200-1.jpg\",\"datePublished\":\"2026-01-15T07:41:26+00:00\",\"dateModified\":\"2026-01-15T07:41:58+00:00\",\"breadcrumb\":{\"@id\":\"https:\\\/\\\/dynamic-eye.de\\\/fr\\\/produkt\\\/10-2026-formation-vico-de-formateur-visuel-cognitif-module-i\\\/#breadcrumb\"},\"inLanguage\":\"fr-FR\",\"potentialAction\":[{\"@type\":\"ReadAction\",\"target\":[\"https:\\\/\\\/dynamic-eye.de\\\/fr\\\/produkt\\\/10-2026-formation-vico-de-formateur-visuel-cognitif-module-i\\\/\"]}]},{\"@type\":\"ImageObject\",\"inLanguage\":\"fr-FR\",\"@id\":\"https:\\\/\\\/dynamic-eye.de\\\/fr\\\/produkt\\\/10-2026-formation-vico-de-formateur-visuel-cognitif-module-i\\\/#primaryimage\",\"url\":\"https:\\\/\\\/dynamic-eye.de\\\/wp-content\\\/uploads\\\/2021\\\/01\\\/image-4-300x200-1.jpg\",\"contentUrl\":\"https:\\\/\\\/dynamic-eye.de\\\/wp-content\\\/uploads\\\/2021\\\/01\\\/image-4-300x200-1.jpg\",\"width\":300,\"height\":200},{\"@type\":\"BreadcrumbList\",\"@id\":\"https:\\\/\\\/dynamic-eye.de\\\/fr\\\/produkt\\\/10-2026-formation-vico-de-formateur-visuel-cognitif-module-i\\\/#breadcrumb\",\"itemListElement\":[{\"@type\":\"ListItem\",\"position\":1,\"name\":\"Startseite\",\"item\":\"https:\\\/\\\/dynamic-eye.de\\\/\"},{\"@type\":\"ListItem\",\"position\":2,\"name\":\"Boutique\",\"item\":\"https:\\\/\\\/dynamic-eye.de\\\/fr\\\/boutique\\\/\"},{\"@type\":\"ListItem\",\"position\":3,\"name\":\"(10\\\/2026) FORMATION VICO DE FORMATEUR VISUEL &#038; COGNITIF MODULE I\"}]},{\"@type\":\"WebSite\",\"@id\":\"https:\\\/\\\/dynamic-eye.de\\\/#website\",\"url\":\"https:\\\/\\\/dynamic-eye.de\\\/\",\"name\":\"DynamicEye\",\"description\":\"Institut f\u00fcr Visual- und Kognitionstraining\",\"publisher\":{\"@id\":\"https:\\\/\\\/dynamic-eye.de\\\/#organization\"},\"potentialAction\":[{\"@type\":\"SearchAction\",\"target\":{\"@type\":\"EntryPoint\",\"urlTemplate\":\"https:\\\/\\\/dynamic-eye.de\\\/?s={search_term_string}\"},\"query-input\":{\"@type\":\"PropertyValueSpecification\",\"valueRequired\":true,\"valueName\":\"search_term_string\"}}],\"inLanguage\":\"fr-FR\"},{\"@type\":\"Organization\",\"@id\":\"https:\\\/\\\/dynamic-eye.de\\\/#organization\",\"name\":\"DynamicEye\",\"url\":\"https:\\\/\\\/dynamic-eye.de\\\/\",\"logo\":{\"@type\":\"ImageObject\",\"inLanguage\":\"fr-FR\",\"@id\":\"https:\\\/\\\/dynamic-eye.de\\\/#\\\/schema\\\/logo\\\/image\\\/\",\"url\":\"https:\\\/\\\/dynamic-eye.de\\\/wp-content\\\/uploads\\\/2020\\\/12\\\/DE_Logo_RGB_Claim_Dunkel.png\",\"contentUrl\":\"https:\\\/\\\/dynamic-eye.de\\\/wp-content\\\/uploads\\\/2020\\\/12\\\/DE_Logo_RGB_Claim_Dunkel.png\",\"width\":733,\"height\":149,\"caption\":\"DynamicEye\"},\"image\":{\"@id\":\"https:\\\/\\\/dynamic-eye.de\\\/#\\\/schema\\\/logo\\\/image\\\/\"}}]}<\/script>\n<!-- \/ Yoast SEO plugin. -->","yoast_head_json":{"title":"(10\/2026) FORMATION VICO DE FORMATEUR VISUEL & COGNITIF MODULE I -","robots":{"index":"index","follow":"follow","max-snippet":"max-snippet:-1","max-image-preview":"max-image-preview:large","max-video-preview":"max-video-preview:-1"},"canonical":"https:\/\/dynamic-eye.de\/fr\/produkt\/10-2026-formation-vico-de-formateur-visuel-cognitif-module-i\/","og_locale":"fr_FR","og_type":"article","og_title":"(10\/2026) FORMATION VICO DE FORMATEUR VISUEL & COGNITIF MODULE I -","og_description":"Du 21.10. au 25.10.2026   Introduction \u00e0 l'entra\u00eenement visuel  Bases de l'optique, de l'anatomie et des am\u00e9tropies  Physiologie et bases neurologiques de la vision  Diagnostic optom\u00e9trique selon Skeffington  Exercices","og_url":"https:\/\/dynamic-eye.de\/fr\/produkt\/10-2026-formation-vico-de-formateur-visuel-cognitif-module-i\/","og_site_name":"DynamicEye","article_modified_time":"2026-01-15T07:41:58+00:00","og_image":[{"width":300,"height":200,"url":"https:\/\/dynamic-eye.de\/wp-content\/uploads\/2021\/01\/image-4-300x200-1.jpg","type":"image\/jpeg"}],"twitter_card":"summary_large_image","twitter_misc":{"Dur\u00e9e de lecture estim\u00e9e":"2 minutes"},"schema":{"@context":"https:\/\/schema.org","@graph":[{"@type":"WebPage","@id":"https:\/\/dynamic-eye.de\/fr\/produkt\/10-2026-formation-vico-de-formateur-visuel-cognitif-module-i\/","url":"https:\/\/dynamic-eye.de\/fr\/produkt\/10-2026-formation-vico-de-formateur-visuel-cognitif-module-i\/","name":"(10\/2026) FORMATION VICO DE FORMATEUR VISUEL & COGNITIF MODULE I -","isPartOf":{"@id":"https:\/\/dynamic-eye.de\/#website"},"primaryImageOfPage":{"@id":"https:\/\/dynamic-eye.de\/fr\/produkt\/10-2026-formation-vico-de-formateur-visuel-cognitif-module-i\/#primaryimage"},"image":{"@id":"https:\/\/dynamic-eye.de\/fr\/produkt\/10-2026-formation-vico-de-formateur-visuel-cognitif-module-i\/#primaryimage"},"thumbnailUrl":"https:\/\/dynamic-eye.de\/wp-content\/uploads\/2021\/01\/image-4-300x200-1.jpg","datePublished":"2026-01-15T07:41:26+00:00","dateModified":"2026-01-15T07:41:58+00:00","breadcrumb":{"@id":"https:\/\/dynamic-eye.de\/fr\/produkt\/10-2026-formation-vico-de-formateur-visuel-cognitif-module-i\/#breadcrumb"},"inLanguage":"fr-FR","potentialAction":[{"@type":"ReadAction","target":["https:\/\/dynamic-eye.de\/fr\/produkt\/10-2026-formation-vico-de-formateur-visuel-cognitif-module-i\/"]}]},{"@type":"ImageObject","inLanguage":"fr-FR","@id":"https:\/\/dynamic-eye.de\/fr\/produkt\/10-2026-formation-vico-de-formateur-visuel-cognitif-module-i\/#primaryimage","url":"https:\/\/dynamic-eye.de\/wp-content\/uploads\/2021\/01\/image-4-300x200-1.jpg","contentUrl":"https:\/\/dynamic-eye.de\/wp-content\/uploads\/2021\/01\/image-4-300x200-1.jpg","width":300,"height":200},{"@type":"BreadcrumbList","@id":"https:\/\/dynamic-eye.de\/fr\/produkt\/10-2026-formation-vico-de-formateur-visuel-cognitif-module-i\/#breadcrumb","itemListElement":[{"@type":"ListItem","position":1,"name":"Startseite","item":"https:\/\/dynamic-eye.de\/"},{"@type":"ListItem","position":2,"name":"Boutique","item":"https:\/\/dynamic-eye.de\/fr\/boutique\/"},{"@type":"ListItem","position":3,"name":"(10\/2026) FORMATION VICO DE FORMATEUR VISUEL &#038; COGNITIF MODULE I"}]},{"@type":"WebSite","@id":"https:\/\/dynamic-eye.de\/#website","url":"https:\/\/dynamic-eye.de\/","name":"DynamicEye","description":"Institut f\u00fcr Visual- und Kognitionstraining","publisher":{"@id":"https:\/\/dynamic-eye.de\/#organization"},"potentialAction":[{"@type":"SearchAction","target":{"@type":"EntryPoint","urlTemplate":"https:\/\/dynamic-eye.de\/?s={search_term_string}"},"query-input":{"@type":"PropertyValueSpecification","valueRequired":true,"valueName":"search_term_string"}}],"inLanguage":"fr-FR"},{"@type":"Organization","@id":"https:\/\/dynamic-eye.de\/#organization","name":"DynamicEye","url":"https:\/\/dynamic-eye.de\/","logo":{"@type":"ImageObject","inLanguage":"fr-FR","@id":"https:\/\/dynamic-eye.de\/#\/schema\/logo\/image\/","url":"https:\/\/dynamic-eye.de\/wp-content\/uploads\/2020\/12\/DE_Logo_RGB_Claim_Dunkel.png","contentUrl":"https:\/\/dynamic-eye.de\/wp-content\/uploads\/2020\/12\/DE_Logo_RGB_Claim_Dunkel.png","width":733,"height":149,"caption":"DynamicEye"},"image":{"@id":"https:\/\/dynamic-eye.de\/#\/schema\/logo\/image\/"}}]}},"_links":{"self":[{"href":"https:\/\/dynamic-eye.de\/fr\/wp-json\/wp\/v2\/product\/15461","targetHints":{"allow":["GET"]}}],"collection":[{"href":"https:\/\/dynamic-eye.de\/fr\/wp-json\/wp\/v2\/product"}],"about":[{"href":"https:\/\/dynamic-eye.de\/fr\/wp-json\/wp\/v2\/types\/product"}],"replies":[{"embeddable":true,"href":"https:\/\/dynamic-eye.de\/fr\/wp-json\/wp\/v2\/comments?post=15461"}],"wp:featuredmedia":[{"embeddable":true,"href":"https:\/\/dynamic-eye.de\/fr\/wp-json\/wp\/v2\/media\/11809"}],"wp:attachment":[{"href":"https:\/\/dynamic-eye.de\/fr\/wp-json\/wp\/v2\/media?parent=15461"}],"wp:term":[{"taxonomy":"product_brand","embeddable":true,"href":"https:\/\/dynamic-eye.de\/fr\/wp-json\/wp\/v2\/product_brand?post=15461"},{"taxonomy":"product_cat","embeddable":true,"href":"https:\/\/dynamic-eye.de\/fr\/wp-json\/wp\/v2\/product_cat?post=15461"},{"taxonomy":"product_tag","embeddable":true,"href":"https:\/\/dynamic-eye.de\/fr\/wp-json\/wp\/v2\/product_tag?post=15461"}],"curies":[{"name":"wp","href":"https:\/\/api.w.org\/{rel}","templated":true}]}}